{"id":102,"date":"2023-02-18T09:14:17","date_gmt":"2023-02-18T09:14:17","guid":{"rendered":"http:\/\/localhost:8888\/sch\/?post_type=artiste&#038;p=102"},"modified":"2023-04-04T14:23:36","modified_gmt":"2023-04-04T14:23:36","slug":"collectif-bpm-buchi-pohlhammer-mifsud","status":"publish","type":"artiste","link":"https:\/\/selectionsuisse.ch\/en\/artiste\/collectif-bpm-buchi-pohlhammer-mifsud\/","title":{"rendered":"","raw":""},"content":{"rendered":"<p>Catherine B\u00fcchi\u00a0graduated from the Serge Martin school in June 2002. She has worked as an actress with various directors such as Sylviane Tille, Sandra Amodio, Marielle Pinsard, Fran\u00e7ois Gremaud, Evelyne Castellino (as an actress and her assistant), Val\u00e9rie Poirier, Vincent Brayer, Maud Liardon, and Fred Choffat. She cofounded the BPMet Collective and co-produced the pieces <em>La Collection\u00a0and Vers l\u2019Oiseau Vert. \u00a0<\/em><\/p>\n<p>L\u00e9a Pohlhammer\u00a0is an actress who graduated from the Serge Martin school in June 2002. She has since worked with many Swiss directors and choreographers such as Sandra Amodio, Andrea Novicov, Sylvianne Tille, Valentin Rossier, Denis Maillefer, Fran\u00e7ois Gremaud, Marcella San Pedro, Maud Liardon, Zo\u00e9 Reverdin, Camille Giacobino, Jean-Louis Johannides, and Florence Minder. She created her company in 2019, F.A.B Force Prod, and she co-produced <em>Violencia Rivas and Playlist. With the <\/em>BPM<em> collective that she co-founded, she produced La Collection\u00a0and Vers l\u2019Oiseau Vert. \u00a0<\/em><\/p>\n<p>Pierre Mifsud trained in the Serge Martin school, and he worked with Compagnie 100% Acrylique as a dancer and actor, as well as an assistant director. He has worked with several Francophone Swiss, French and Spanish directors, such as Oscar Gomez Mata, Claude Inga Barbey,\u00a0Nicolas Rossier, Anne Bisang, Denis Maillefer, Vincent Bonillo, Sandra Gaudin, Jean-Michel Ribes, and \u00c9milie Charriot. He has participated in several projects by 2b Company (directed by Fran\u00e7ois Gremaud) since 2009, and he has directed several plays, such as <em>Infuser une \u00c2me <\/em>(Com\u00e9die de Gen\u00e8ve),\u00a0<em>Le Portrait de Madame M\u00e9lo <\/em>(Th\u00e9\u00e2tre de Vidy), and Cuche &amp; Barbezat (<em>\u00ab\u2009C&amp;B Au Cirque Knie\u2009\u00bb, \u00ab\u2009C&amp;B Font Des B\u00eatises\u2009\u00bb, \u00ab\u2009C&amp;B rallument Le Sapin\u2009\u00bb<\/em>). He is currently on tour for <em>Conf\u00e9rence de choses. He is one of the co-founders of the BPM collective and he has co-produced the plays\u00a0La Collection\u00a0and\u00a0Vers l\u2019Oiseau Vert.<\/em><\/p>\n","protected":false,"raw":"Catherine B\u00fcchi\u00a0graduated from the Serge Martin school in June 2002. She has worked as an actress with various directors such as Sylviane Tille, Sandra Amodio, Marielle Pinsard, Fran\u00e7ois Gremaud, Evelyne Castellino (as an actress and her assistant), Val\u00e9rie Poirier, Vincent Brayer, Maud Liardon, and Fred Choffat. She cofounded the BPMet Collective and co-produced the pieces <em>La Collection\u00a0and Vers l\u2019Oiseau Vert. \u00a0<\/em>\r\n\r\nL\u00e9a Pohlhammer\u00a0is an actress who graduated from the Serge Martin school in June 2002. She has since worked with many Swiss directors and choreographers such as Sandra Amodio, Andrea Novicov, Sylvianne Tille, Valentin Rossier, Denis Maillefer, Fran\u00e7ois Gremaud, Marcella San Pedro, Maud Liardon, Zo\u00e9 Reverdin, Camille Giacobino, Jean-Louis Johannides, and Florence Minder. She created her company in 2019, F.A.B Force Prod, and she co-produced <em>Violencia Rivas and Playlist. With the <\/em>BPM<em> collective that she co-founded, she produced La Collection\u00a0and Vers l\u2019Oiseau Vert. \u00a0<\/em>\r\n\r\nPierre Mifsud trained in the Serge Martin school, and he worked with Compagnie 100% Acrylique as a dancer and actor, as well as an assistant director. He has worked with several Francophone Swiss, French and Spanish directors, such as Oscar Gomez Mata, Claude Inga Barbey,\u00a0Nicolas Rossier, Anne Bisang, Denis Maillefer, Vincent Bonillo, Sandra Gaudin, Jean-Michel Ribes, and \u00c9milie Charriot. He has participated in several projects by 2b Company (directed by Fran\u00e7ois Gremaud) since 2009, and he has directed several plays, such as <em>Infuser une \u00c2me <\/em>(Com\u00e9die de Gen\u00e8ve),\u00a0<em>Le Portrait de Madame M\u00e9lo <\/em>(Th\u00e9\u00e2tre de Vidy), and Cuche &amp; Barbezat (<em>\u00ab\u2009C&amp;B Au Cirque Knie\u2009\u00bb, \u00ab\u2009C&amp;B Font Des B\u00eatises\u2009\u00bb, \u00ab\u2009C&amp;B rallument Le Sapin\u2009\u00bb<\/em>). He is currently on tour for <em>Conf\u00e9rence de choses. He is one of the co-founders of the BPM collective and he has co-produced the plays\u00a0La Collection\u00a0and\u00a0Vers l\u2019Oiseau Vert.<\/em>"},"template":"","class_list":["post-102","artiste","type-artiste","status-publish","hentry"],"meta":{"_fr_post_content":"Catherine B\u00fcchi obtient son dipl\u00f4me de com\u00e9dienne de l\u2019\u2009\u00e9cole Serge Martin en juin 2002. Elle a travaill\u00e9 sous la direction de diff\u00e9rents metteurs en sc\u00e8ne\u2009: Sylviane Tille , Sandra Amodio, Marielle Pinsard, Fran\u00e7ois Gremaud, Evelyne Castellino en tant que com\u00e9dienne\/assistante, Val\u00e9rie Poirier, Vincent Brayer, Maud Liardon, Fred Choffat. Elle a cofond\u00e9\u00a0le\u00a0Collectif BPMet co-produit les spectacles\u00a0<em>\u00ab\u00a0La Collection\u00a0\u00bb<\/em>\u00a0et\u00a0<em>\u00ab\u00a0Vers l\u2019Oiseau Vert\u00a0\u00bb<\/em>.<strong>\r\n<\/strong>\r\n\r\nL\u00e9a Pohlhammer est une com\u00e9dienne dipl\u00f4m\u00e9e sortie de l\u2019\u00e9cole de th\u00e9\u00e2tre Serge Martin en juin 2002. Depuis, elle a travaill\u00e9 avec de nombreux metteurs en sc\u00e8ne et chor\u00e9graphes suisses tel que Sandra Amodio, Andrea Novicov, Sylvianne Tille, Valentin Rossier, Denis Maillefer, Fran\u00e7ois Gremaud, Marcella San Pedro, Maud Liardon, Zo\u00e9 Reverdin, Camille Giacobino, Jean-Louis Johannides, Florence Minder.\r\nElle fonde en 2019 sa compagnie\u00a0F.A.B Force Prod\u00a0et co-produit le spectacle\u00a0<em>\u00ab\u2009Violencia Rivas\u2009\u00bb, \u00ab Playlist \u00bb<\/em>. Elle a cofond\u00e9 le\u00a0Collectif BPM\u00a0et co-produit les spectacles\u00a0<em>\u00ab\u00a0La Collection\u00a0\u00bb<\/em>\u00a0et\u00a0<em>\u00ab\u00a0Vers l\u2019Oiseau Vert\u00a0\u00bb<\/em>.\r\n\r\nPierre Mifsud a suivi sa formation \u00e0 l\u2019Ecole de Th\u00e9\u00e2tre Serge Martin, il a travaill\u00e9 avec la Compagnie 100% Acrylique en tant que com\u00e9dien\/danseur et assistant \u00e0 la mise en sc\u00e8ne. Il a travaill\u00e9 sous la direction de diff\u00e9rents metteurs en sc\u00e8ne en Suisse romande, en France et en Espagne\u2009: Oscar Gomez Mata, Claude Inga Barbey,\u00a0Nicolas Rossier, Anne Bisang, Denis Maillefer, Vincent Bonillo, Sandra Gaudin, Jean-Michel Ribes, \u00c9milie Charriot. Depuis 2009, il participe \u00e0 diff\u00e9rents projets de la 2b Company dirig\u00e9e par\u00a0Fran\u00e7ois Gremaud.\r\nIl a sign\u00e9 de nombreuses mises en sc\u00e8nes, parmi lesquelles\u2009: <em>\u00ab\u2009Infuser une \u00c2me\u2009\u00bb<\/em>\u00a0(Com\u00e9die de Gen\u00e8ve),\u00a0<em>\u00ab\u2009Le Portrait de Madame M\u00e9lo\u2009\u00bb<\/em>\u00a0(Th\u00e9\u00e2tre de Vidy), Cuche &amp; Barbezat (<em>\u00ab\u2009C&amp;B Au Cirque Knie\u2009\u00bb, \u00ab\u2009C&amp;B Font Des B\u00eatises\u2009\u00bb, \u00ab\u2009C&amp;B rallument Le Sapin\u2009\u00bb<\/em>). Il poursuit la tourn\u00e9e de\u00a0<em>\u00ab\u2009Conf\u00e9rence de choses\u2009\u00bb.<\/em>\r\nIl a cofond\u00e9 le\u00a0Collectif BPM\u00a0et co-produit les spectacles\u00a0<em>\u00ab\u00a0La Collection\u00a0\u00bb<\/em>\u00a0et\u00a0<em>\u00ab\u00a0Vers l\u2019Oiseau Vert\u00a0\u00bb<\/em>.\r\n\r\n<strong>\u00a0<\/strong>","_fr_post_excerpt":"","_fr_post_title":"Collectif BPM - (B\u00fcchi \/ Pohlhammer \/ Mifsud)","_fr_post_name":"collectif-bpm-buchi-pohlhammer-mifsud","edit_language":"en"},"excerpt":{"raw":"","rendered":""},"_links":{"self":[{"href":"https:\/\/selectionsuisse.ch\/en\/wp-json\/wp\/v2\/artiste\/102","targetHints":{"allow":["GET"]}}],"collection":[{"href":"https:\/\/selectionsuisse.ch\/en\/wp-json\/wp\/v2\/artiste"}],"about":[{"href":"https:\/\/selectionsuisse.ch\/en\/wp-json\/wp\/v2\/types\/artiste"}],"wp:attachment":[{"href":"https:\/\/selectionsuisse.ch\/en\/wp-json\/wp\/v2\/media?parent=102"}],"curies":[{"name":"wp","href":"https:\/\/api.w.org\/{rel}","templated":true}]}}