{"id":679,"date":"2024-04-04T08:10:38","date_gmt":"2024-04-04T08:10:38","guid":{"rendered":"https:\/\/selectionsuisse.ch\/?post_type=artiste&#038;p=679"},"modified":"2024-04-05T16:11:14","modified_gmt":"2024-04-05T16:11:14","slug":"julia-haenni","status":"publish","type":"artiste","link":"https:\/\/selectionsuisse.ch\/en\/artiste\/julia-haenni\/","title":{"rendered":"","raw":""},"content":{"rendered":"<p>Julia Haenni is an independent writer, performer and director working in Switzerland and Germany. She studied drama in the Performing Arts University in Zurich and also studied theatre and German literature in Bern and Berlin. Her work has been presented in Munich\u2019s Schauburg, Vienna\u2019s Kosmos Theatre, Theater Heidelberg, Theater Konstanz, and in many theatres in Switzerland like the Schlachthaus and Konzert Theater in Bern, Zurich\u2019s Winkelwiese, Theater Chur, Basel\u2019s Roxy, Aarau\u2019s B\u00fchnen or Geneva\u2019s Th\u00e9\u00e2tre de Poche. In France, her work was shown in Festivals like Mousson d\u2019\u00e9t\u00e9, Ubergang or the Journ\u00e9es du Matrimoine. In 2021, she published <em>Ich will alles!<\/em> in collaboration with photographer Mali Lazell, which documents the 2019 feminist strike in Switzerland through text and images. The book was nominated for the German photography book prize. From\u00a02020 to 2022, she directed <em>la\u00a0Junge Marie<\/em> with Barbara Heynen, where she worked and created theatre pieces with young people. In 2021, she was awarded the Welti Foundation prize as well as the city of Bern Prize for her theatre work.<\/p>\n","protected":false,"raw":"Julia Haenni is an independent writer, performer and director working in Switzerland and Germany. She studied drama in the Performing Arts University in Zurich and also studied theatre and German literature in Bern and Berlin. Her work has been presented in Munich\u2019s Schauburg, Vienna\u2019s Kosmos Theatre, Theater Heidelberg, Theater Konstanz, and in many theatres in Switzerland like the Schlachthaus and Konzert Theater in Bern, Zurich\u2019s Winkelwiese, Theater Chur, Basel\u2019s Roxy, Aarau\u2019s B\u00fchnen or Geneva\u2019s Th\u00e9\u00e2tre de Poche. In France, her work was shown in Festivals like Mousson d\u2019\u00e9t\u00e9, Ubergang or the Journ\u00e9es du Matrimoine. In 2021, she published <em>Ich will alles!<\/em> in collaboration with photographer Mali Lazell, which documents the 2019 feminist strike in Switzerland through text and images. The book was nominated for the German photography book prize. From\u00a02020 to 2022, she directed <em>la\u00a0Junge Marie<\/em> with Barbara Heynen, where she worked and created theatre pieces with young people. In 2021, she was awarded the Welti Foundation prize as well as the city of Bern Prize for her theatre work."},"template":"","class_list":["post-679","artiste","type-artiste","status-publish","hentry"],"meta":{"_fr_post_content":"Julia Haenni, n\u00e9e en 1988, est \u00e9crivaine, interpr\u00e8te et metteure en sc\u00e8ne en Suisse et en Allemagne. Elle a \u00e9tudi\u00e9 la mise en sc\u00e8ne dramatique \u00e0 l\u2019universit\u00e9 des arts de Zurich et a suivi en parall\u00e8le des \u00e9tudes th\u00e9\u00e2trales et de litt\u00e9rature allemande au sein des universit\u00e9s de Berne et de Berlin. Ses \u0153uvres ont \u00e9t\u00e9 pr\u00e9sent\u00e9es entre autres \u00e0 la Schauburg de Munich, au Kosmos Th\u00e9\u00e2tre de Vienne, au Theater Heidelberg, au Theater Konstanz, et dans un grand nombre de th\u00e9\u00e2tres suisses, tels que le Schlachthaus et le Konzert Theater \u00e0 Berne, la Winkelwiese de Zurich, le Theater Chur, le Roxy de B\u00e2le, les B\u00fchnen d\u2019Aarau ou encore le Th\u00e9\u00e2tre de Poche de Gen\u00e8ve. En France, ses pi\u00e8ces ont \u00e9t\u00e9 pr\u00e9sent\u00e9es dans le cadre des festivals Mousson d\u2019\u00e9t\u00e9, Ubergang et pour les Journ\u00e9es du Matrimoine. En 2021, elle a publi\u00e9 en collaboration avec la photographe Mali Lazell\u00a0<em>Ich will alles !<\/em>, documentant par le texte et l\u2019image des portraits de la gr\u00e8ve f\u00e9ministe suisse de 2019, et qui a \u00e9t\u00e9 nomin\u00e9 par le prix allemand du livre de photographie. De 2020 \u00e0 2022, elle a dirig\u00e9, avec Barbara Heynen,\u00a0<em>la\u00a0Junge Marie<\/em>, o\u00f9 elle a travaill\u00e9 et cr\u00e9e du th\u00e9\u00e2tre avec des jeunes gens. En 2021, elle a re\u00e7u le prix de la fondation Welti et de la ville de Berne pour son \u0153uvre th\u00e9\u00e2trale.","_fr_post_excerpt":"","_fr_post_title":"Julia Haenni","_fr_post_name":"julia-haenni","edit_language":"en"},"excerpt":{"raw":"","rendered":""},"_links":{"self":[{"href":"https:\/\/selectionsuisse.ch\/en\/wp-json\/wp\/v2\/artiste\/679","targetHints":{"allow":["GET"]}}],"collection":[{"href":"https:\/\/selectionsuisse.ch\/en\/wp-json\/wp\/v2\/artiste"}],"about":[{"href":"https:\/\/selectionsuisse.ch\/en\/wp-json\/wp\/v2\/types\/artiste"}],"wp:attachment":[{"href":"https:\/\/selectionsuisse.ch\/en\/wp-json\/wp\/v2\/media?parent=679"}],"curies":[{"name":"wp","href":"https:\/\/api.w.org\/{rel}","templated":true}]}}