{"id":100,"date":"2023-02-18T09:05:26","date_gmt":"2023-02-18T09:05:26","guid":{"rendered":"http:\/\/localhost:8888\/sch\/?post_type=spectacle&#038;p=100"},"modified":"2024-04-02T14:33:30","modified_gmt":"2024-04-02T14:33:30","slug":"","status":"publish","type":"spectacle","link":"https:\/\/selectionsuisse.ch\/en\/spectacle\/collectif-bpm\/","title":{"rendered":"","raw":""},"content":{"rendered":"","protected":false,"raw":""},"parent":0,"template":"","class_list":["post-100","spectacle","type-spectacle","status-publish","hentry"],"meta":{"_fr_post_content":"Trois chaises, trois acteur\u00b7trices\u00b7s et beaucoup de talent pour une \u00e9vocation, tout \u00e0 la fois sobre et d\u00e9brid\u00e9e, de deux objets d'antan. Il y a longtemps, on suppliait nos parents ou on \u00e9conomisait des mois durant pour acqu\u00e9rir le premier : c\u2019est lui qui d\u00e9finissait notre style, notre clan. Aujourd'hui, le v\u00e9lomoteur ne p\u00e9tarade plus en ville. Obsol\u00e8te, d\u00e9suet, d\u00e9mod\u00e9. Il en va de m\u00eame pour le t\u00e9l\u00e9phone \u00e0 cadran rotatif, bijou de bak\u00e9lite et de modernit\u00e9, qui tr\u00f4nait dans le salon, fier de nous relier les uns aux autres. Sans nostalgie et sans accessoires, le collectif BPM ressuscite ces t\u00e9moins \u00e9loquents de notre pass\u00e9. Qu'on les ait connus ou non, voil\u00e0 qu'ils nous parlent. De tout et surtout de nous. Entre souvenirs personnels et r\u00e9f\u00e9rences hollywoodiennes, les histoires s'entrem\u00ealent jusqu'\u00e0 tisser une savoureuse machine \u00e0 jouer. Une savante partition qui nous emporte dans un tourbillon de rires, d'\u00e9motions et de r\u00e9flexions.","_fr_post_excerpt":"","_fr_post_title":"Collectif BPM","_fr_post_name":"collectif-bpm","edit_language":"en"},"excerpt":{"raw":"","rendered":""},"_links":{"self":[{"href":"https:\/\/selectionsuisse.ch\/en\/wp-json\/wp\/v2\/spectacle\/100","targetHints":{"allow":["GET"]}}],"collection":[{"href":"https:\/\/selectionsuisse.ch\/en\/wp-json\/wp\/v2\/spectacle"}],"about":[{"href":"https:\/\/selectionsuisse.ch\/en\/wp-json\/wp\/v2\/types\/spectacle"}],"wp:attachment":[{"href":"https:\/\/selectionsuisse.ch\/en\/wp-json\/wp\/v2\/media?parent=100"}],"curies":[{"name":"wp","href":"https:\/\/api.w.org\/{rel}","templated":true}]}}