{"id":110,"date":"2023-02-18T14:35:44","date_gmt":"2023-02-18T14:35:44","guid":{"rendered":"http:\/\/localhost:8888\/sch\/?post_type=spectacle&#038;p=110"},"modified":"2024-04-02T14:33:30","modified_gmt":"2024-04-02T14:33:30","slug":"","status":"publish","type":"spectacle","link":"https:\/\/selectionsuisse.ch\/en\/spectacle\/aurore-jecker\/","title":{"rendered":"","raw":""},"content":{"rendered":"","protected":false,"raw":""},"parent":0,"template":"","class_list":["post-110","spectacle","type-spectacle","status-publish","hentry"],"meta":{"_fr_post_content":"Une fois n\u2019est pas coutume, la\u00a0<em>S\u00e9lection suisse<\/em>\u00a0f\u00eate son retour en Avignon le \u2026 10 juillet.\r\nLe 10 11 12 succ\u00e8de ainsi au 11 \u00e0 11h11. Si la date change, le principe reste le m\u00eame\u00a0: vous offrir un spectacle en guise de cadeau de bienvenue, telle une invitation \u00e0 pousser plus loin votre exploration en territoire artistique suisse. Cette ann\u00e9e, c\u2019est Aurore Jecker qui joue les premi\u00e8res de cord\u00e9e. \u00c0 moins que ce ne soit Helen W. Dans cette pi\u00e8ce, tout en chausse-trapes, on manie en effet le rebondissement avec dext\u00e9rit\u00e9.\r\n\r\nDe l\u2019avis de plusieurs personnes, Aurore Jecker ressemblerait, dans les traits et \u00ab\u00a0la mani\u00e8re\u00a0\u00bb, \u00e0 Helen W. Une fille \u00ab\u00a0styl\u00e9e\u00a0\u00bb, qui fait du skate et travaille dans un mus\u00e9e. Intrigu\u00e9e, l\u2019actrice y voit le possible point de d\u00e9part d\u2019une nouvelle aventure artistique. Qu\u2019\u00e0 cela ne tienne, elle partira \u00e0 la recherche de son sosie, \u00e0 pied et \u00e0 l\u2019ancienne\u00a0! S\u2019en suit un d\u00e9sopilant jeu de piste th\u00e9\u00e2tral, qui retrace son p\u00e9riple de Fribourg \u00e0 B\u00e2le, en passant par le plateau t\u00e9l\u00e9 de Jacques Martin. Une (en)qu\u00eate dans laquelle le faux entrelace si bien le vrai qu\u2019on finit par ne plus savoir o\u00f9 commence la fiction et o\u00f9 s\u2019arr\u00eate la r\u00e9alit\u00e9.","_fr_post_excerpt":"","_fr_post_title":"Aurore Jecker","_fr_post_name":"aurore-jecker","edit_language":"en"},"excerpt":{"raw":"","rendered":""},"_links":{"self":[{"href":"https:\/\/selectionsuisse.ch\/en\/wp-json\/wp\/v2\/spectacle\/110","targetHints":{"allow":["GET"]}}],"collection":[{"href":"https:\/\/selectionsuisse.ch\/en\/wp-json\/wp\/v2\/spectacle"}],"about":[{"href":"https:\/\/selectionsuisse.ch\/en\/wp-json\/wp\/v2\/types\/spectacle"}],"wp:attachment":[{"href":"https:\/\/selectionsuisse.ch\/en\/wp-json\/wp\/v2\/media?parent=110"}],"curies":[{"name":"wp","href":"https:\/\/api.w.org\/{rel}","templated":true}]}}