{"id":112,"date":"2023-02-18T14:56:36","date_gmt":"2023-02-18T14:56:36","guid":{"rendered":"http:\/\/localhost:8888\/sch\/?post_type=spectacle&#038;p=112"},"modified":"2024-04-02T14:33:30","modified_gmt":"2024-04-02T14:33:30","slug":"","status":"publish","type":"spectacle","link":"https:\/\/selectionsuisse.ch\/en\/spectacle\/dorian-rossel\/","title":{"rendered":"","raw":""},"content":{"rendered":"","protected":false,"raw":""},"parent":0,"template":"","class_list":["post-112","spectacle","type-spectacle","status-publish","hentry"],"meta":{"_fr_post_content":"Deux blocs noirs, deux com\u00e9diens, deux craies\u00a0: il n\u2019en faut pas plus pour conter l\u2019amiti\u00e9 insolite entre un petit gar\u00e7on, sa voisine et un passereau. \u00c0 contre-courant de nos temps tonitruants,\u00a0<em>L\u2019Oiseau migrateur<\/em>\u00a0fait le pari de la simplicit\u00e9 pour mieux inviter l\u2019imaginaire \u00e0 se d\u00e9ployer. L\u2019histoire se raconte d\u2019abord en silence, au moyen de dessins \u00e0 la ligne \u00e9pur\u00e9e, r\u00e9alis\u00e9s en direct et bient\u00f4t effac\u00e9s. Puis viennent les mots, d\u00e9livrant la fable par bribes, jouant de la chronologie et du point de vue. Fragile tel un brin de laine, le fil de la narration se fait parfois t\u00e9nu, mais jamais ne se rompt. Car la capacit\u00e9 des enfants \u00e0 construire leur propres sc\u00e9narii est infinie. Tout comme leur facult\u00e9 \u00e0 s\u2019\u00e9merveiller de peu\u00a0: un sac plastique qui s\u2019envole, une \u00e9ponge qui se fait marais. Un presque rien qui a tout d\u2019un essentiel \u00e0 cultiver.","_fr_post_excerpt":"","_fr_post_title":"Dorian Rossel","_fr_post_name":"dorian-rossel","edit_language":"en"},"excerpt":{"raw":"","rendered":""},"_links":{"self":[{"href":"https:\/\/selectionsuisse.ch\/en\/wp-json\/wp\/v2\/spectacle\/112","targetHints":{"allow":["GET"]}}],"collection":[{"href":"https:\/\/selectionsuisse.ch\/en\/wp-json\/wp\/v2\/spectacle"}],"about":[{"href":"https:\/\/selectionsuisse.ch\/en\/wp-json\/wp\/v2\/types\/spectacle"}],"wp:attachment":[{"href":"https:\/\/selectionsuisse.ch\/en\/wp-json\/wp\/v2\/media?parent=112"}],"curies":[{"name":"wp","href":"https:\/\/api.w.org\/{rel}","templated":true}]}}