{"id":118,"date":"2023-02-18T15:11:08","date_gmt":"2023-02-18T15:11:08","guid":{"rendered":"http:\/\/localhost:8888\/sch\/?post_type=spectacle&#038;p=118"},"modified":"2024-04-02T14:33:30","modified_gmt":"2024-04-02T14:33:30","slug":"118","status":"publish","type":"spectacle","link":"https:\/\/selectionsuisse.ch\/en\/spectacle\/118\/","title":{"rendered":"","raw":""},"content":{"rendered":"","protected":false,"raw":""},"parent":0,"template":"","class_list":["post-118","spectacle","type-spectacle","status-publish","hentry"],"meta":{"_fr_post_content":"Qu\u2019est-ce que la f\u00e9minit\u00e9\u00a0? Appartient-elle \u00e0 un sexe en particulier\u00a0? Fille ou gar\u00e7on, d\u2019Inde ou de Suisse, les quatre protagonistes d\u2019<em>Ef_femininity<\/em>\u00a0racontent leur bataille pour imposer la femme qui est en eux. Avec un humour f\u00e9roce et contagieux, ils tracent le contour de leur autoportrait, au plus pr\u00e8s de ce qu\u2019ils sont et de ce qu\u2019ils ont travers\u00e9. Au c\u00f4t\u00e9 des mots, le corps se fait alphabet pour dire les \u00e9preuves, les pressions et, surtout, la d\u00e9termination. Gar\u00e7on eff\u00e9min\u00e9, militante f\u00e9ministe ou activistes transgenres, leur combat est le m\u00eame et en tout point semblable au n\u00f4tre\u00a0: \u00eatre qui l\u2019on souhaite \u00eatre. Simple mais jamais simpliste, grave mais terriblement joyeux,\u00a0<em>Ef_femininity<\/em>\u00a0n\u2019a d\u2019autre ambition que de nous ramener \u00e0 cette \u00e9vidence. Essentiel th\u00e9\u00e2tre de l\u2019humanit\u00e9, source d\u2019\u00e9motions et de r\u00e9flexions. En tous genres.","_fr_post_excerpt":"","_fr_post_title":"Marcel Schwald & Chris Leuenberger","_fr_post_name":"118-2","edit_language":"en"},"excerpt":{"raw":"","rendered":""},"_links":{"self":[{"href":"https:\/\/selectionsuisse.ch\/en\/wp-json\/wp\/v2\/spectacle\/118","targetHints":{"allow":["GET"]}}],"collection":[{"href":"https:\/\/selectionsuisse.ch\/en\/wp-json\/wp\/v2\/spectacle"}],"about":[{"href":"https:\/\/selectionsuisse.ch\/en\/wp-json\/wp\/v2\/types\/spectacle"}],"wp:attachment":[{"href":"https:\/\/selectionsuisse.ch\/en\/wp-json\/wp\/v2\/media?parent=118"}],"curies":[{"name":"wp","href":"https:\/\/api.w.org\/{rel}","templated":true}]}}