{"id":451,"date":"2023-04-05T20:21:06","date_gmt":"2023-04-05T20:21:06","guid":{"rendered":"https:\/\/prototype2023.selectionsuisse.ch\/?post_type=spectacle&#038;p=451"},"modified":"2024-04-02T14:33:31","modified_gmt":"2024-04-02T14:33:31","slug":"","status":"publish","type":"spectacle","link":"https:\/\/selectionsuisse.ch\/en\/spectacle\/francois-gremaud-pierre-mifsud-conference-de-choses-lintegrale\/","title":{"rendered":"","raw":""},"content":{"rendered":"","protected":false,"raw":""},"parent":0,"template":"","class_list":["post-451","spectacle","type-spectacle","status-publish","hentry"],"meta":{"_fr_post_content":"Donn\u00e9e chaque matin \u00e0 La Manufacture sous forme d\u2019\u00e9pisodes distincts, Conf\u00e9rence de choses fera l\u2019objet d\u2019une int\u00e9grale \u00e0 la Collection Lambert. Un marathon dans lequel Pierre Mifsud, pris dans un tourbillon d\u2019associations d\u2019id\u00e9es, ne s\u2019arr\u00eate plus de parler. Jusqu\u2019\u00e0 ce qu\u2019un minuteur ne l\u2019interrompe huit heures plus tard. Le temps, pour ce P\u00e9cuchet 2.0, d\u2019avoir g\u00e9n\u00e9r\u00e9 une petite communaut\u00e9 bien connect\u00e9e.\r\n\r\npossibilit\u00e9 d\u2019aller, de venir et, bien s\u00fbr, de revenir autant que d\u00e9sir\u00e9 !","_fr_post_excerpt":"","_fr_post_title":"Fran\u00e7ois Gremaud \/ Pierre Mifsud \u2013 Conf\u00e9rence de choses \u2014 l'int\u00e9grale","_fr_post_name":"francois-gremaud-pierre-mifsud-conference-de-choses-lintegrale","edit_language":"en"},"excerpt":{"raw":"","rendered":""},"_links":{"self":[{"href":"https:\/\/selectionsuisse.ch\/en\/wp-json\/wp\/v2\/spectacle\/451","targetHints":{"allow":["GET"]}}],"collection":[{"href":"https:\/\/selectionsuisse.ch\/en\/wp-json\/wp\/v2\/spectacle"}],"about":[{"href":"https:\/\/selectionsuisse.ch\/en\/wp-json\/wp\/v2\/types\/spectacle"}],"wp:attachment":[{"href":"https:\/\/selectionsuisse.ch\/en\/wp-json\/wp\/v2\/media?parent=451"}],"curies":[{"name":"wp","href":"https:\/\/api.w.org\/{rel}","templated":true}]}}