{"id":488,"date":"2023-04-05T21:30:53","date_gmt":"2023-04-05T21:30:53","guid":{"rendered":"https:\/\/prototype2023.selectionsuisse.ch\/?post_type=spectacle&#038;p=488"},"modified":"2024-04-02T14:33:31","modified_gmt":"2024-04-02T14:33:31","slug":"","status":"publish","type":"spectacle","link":"https:\/\/selectionsuisse.ch\/en\/spectacle\/joel-maillard\/","title":{"rendered":"","raw":""},"content":{"rendered":"","protected":false,"raw":""},"parent":0,"template":"","class_list":["post-488","spectacle","type-spectacle","status-publish","hentry"],"meta":{"_fr_post_content":"Depuis des ann\u00e9es, les textes de Jo\u00ebl Maillard sont hant\u00e9s par la disparition. De l\u2019individu, de l\u2019humanit\u00e9. Sa derni\u00e8re pi\u00e8ce met en sc\u00e8ne un couple de conf\u00e9renciers, dont l\u2019homme pr\u00e9tend \u00eatre tomb\u00e9 par hasard sur des documents concernant un \u00ab nouveau d\u00e9part \u00bb. Extrapolant leur contenu, se laissant progressivement happ\u00e9s par la fiction, ils nous exposent un projet de sauvetage de notre esp\u00e8ce par l\u2019envoi de dizaines de milliers de nos cong\u00e9n\u00e8res dans l\u2019espace. Entre la futurologie amateur et l\u2019auscultation de notre monde en sursis,\u00a0<em>Quitter la Terre<\/em>\u00a0nous d\u00e9tache du r\u00e9el pour mieux nous y ancrer. Par r\u00e9flexivit\u00e9, il nous rappelle aux d\u00e9fis qu\u2019il nous appartient de relever, \u00e0 la cohabitation qu\u2019exige tout avenir durable. Sans que rien ne soit ass\u00e9n\u00e9. Dans l\u2019\u00e9criture de Jo\u00ebl Maillard, tout s\u2019exprime en creux. Dans le trait d\u2019un humour jamais appuy\u00e9.","_fr_post_excerpt":"","_fr_post_title":"Jo\u00ebl Maillard","_fr_post_name":"joel-maillard","edit_language":"en"},"excerpt":{"raw":"","rendered":""},"_links":{"self":[{"href":"https:\/\/selectionsuisse.ch\/en\/wp-json\/wp\/v2\/spectacle\/488","targetHints":{"allow":["GET"]}}],"collection":[{"href":"https:\/\/selectionsuisse.ch\/en\/wp-json\/wp\/v2\/spectacle"}],"about":[{"href":"https:\/\/selectionsuisse.ch\/en\/wp-json\/wp\/v2\/types\/spectacle"}],"wp:attachment":[{"href":"https:\/\/selectionsuisse.ch\/en\/wp-json\/wp\/v2\/media?parent=488"}],"curies":[{"name":"wp","href":"https:\/\/api.w.org\/{rel}","templated":true}]}}