{"id":513,"date":"2023-04-06T07:17:47","date_gmt":"2023-04-06T07:17:47","guid":{"rendered":"https:\/\/prototype2023.selectionsuisse.ch\/?post_type=spectacle&#038;p=513"},"modified":"2024-04-02T14:33:30","modified_gmt":"2024-04-02T14:33:30","slug":"","status":"publish","type":"spectacle","link":"https:\/\/selectionsuisse.ch\/en\/spectacle\/antoinette-rychner\/","title":{"rendered":"","raw":""},"content":{"rendered":"","protected":false,"raw":""},"parent":0,"template":"","class_list":["post-513","spectacle","type-spectacle","status-publish","hentry"],"meta":{"_fr_post_content":"<span class=\"rouge\">La libert\u00e9 est un mot qui refuse de se taire *<\/span>\r\n\r\nPasser commande \u00e0 six autrices d\u2019un texte sur un m\u00eame sujet. Les inviter, ensuite, \u00e0 partager ces in\u00e9dits dans une proposition sc\u00e9nique, \u00e0 mi-chemin entre la lecture et le spectacle. Tel est le principe des\u00a0<em>Intr\u00e9pides<\/em>, imagin\u00e9es par la SACD \u2013 Soci\u00e9t\u00e9 des Auteurs et Compositeurs Dramatiques. Succ\u00e9dant \u00e0 Julie Gilbert et Latifa Djerbi, c\u2019est au tour d\u2019Antoinette Rychner de porter haut les couleurs helv\u00e9tiques dans cette aventure, humaine, artistique et politique.\r\n\r\nElle cite volontiers Virginia Woolf\u00a0: \u00ab \u00c9crivez ce que vous d\u00e9sirez \u00e9crire, c\u2019est tout ce qui importe.\u00a0\u00bb Antoinette Rychner devrait donc se trouver tout \u00e0 son aise avec la phrase d'Asl\u0131 Erdo\u011fan *, qui sert d\u2019impulsion \u00e0 cette nouvelle \u00e9dition des\u00a0<em>Intr\u00e9pides<\/em>. Dans ses pi\u00e8ces comme dans ses romans, l\u2019autrice neuch\u00e2teloise donne vie \u00e0 des univers fantasmagoriques, o\u00f9 l\u2019ordinaire fait office d\u2019\u00e9pop\u00e9e, o\u00f9 le quotidien se teinte d\u2019\u00e9tranget\u00e9. Libre et inventive, cocasse et tragique, la langue d\u2019Antoinette Rychner ose le loufoque et l\u2019onirique jusqu\u2019\u00e0 nous faire \u00e9carquiller les yeux. Une fa\u00e7on, habile et d\u00e9tourn\u00e9e, de mieux nous faire percevoir la r\u00e9alit\u00e9.","_fr_post_excerpt":"","_fr_post_title":"Antoinette Rychner","_fr_post_name":"antoinette-rychner","edit_language":"en"},"excerpt":{"raw":"","rendered":""},"_links":{"self":[{"href":"https:\/\/selectionsuisse.ch\/en\/wp-json\/wp\/v2\/spectacle\/513","targetHints":{"allow":["GET"]}}],"collection":[{"href":"https:\/\/selectionsuisse.ch\/en\/wp-json\/wp\/v2\/spectacle"}],"about":[{"href":"https:\/\/selectionsuisse.ch\/en\/wp-json\/wp\/v2\/types\/spectacle"}],"wp:attachment":[{"href":"https:\/\/selectionsuisse.ch\/en\/wp-json\/wp\/v2\/media?parent=513"}],"curies":[{"name":"wp","href":"https:\/\/api.w.org\/{rel}","templated":true}]}}