{"id":528,"date":"2023-04-06T08:04:53","date_gmt":"2023-04-06T08:04:53","guid":{"rendered":"https:\/\/prototype2023.selectionsuisse.ch\/?post_type=spectacle&#038;p=528"},"modified":"2024-04-02T14:33:30","modified_gmt":"2024-04-02T14:33:30","slug":"","status":"publish","type":"spectacle","link":"https:\/\/selectionsuisse.ch\/en\/spectacle\/julie-gilbert-2\/","title":{"rendered":"","raw":""},"content":{"rendered":"","protected":false,"raw":""},"parent":0,"template":"","class_list":["post-528","spectacle","type-spectacle","status-publish","hentry"],"meta":{"_fr_post_content":"Avec ce projet commun et singulier, des femmes de lettres du XXI<sup>e<\/sup>\u00a0si\u00e8cle rendent hommage et honneur \u00e0 celles \u2013 trop souvent oubli\u00e9es \u2013 qui les ont pr\u00e9c\u00e9d\u00e9es. Julie Gilbert a en effet demand\u00e9 \u00e0 des autrices contemporaines d\u2019imaginer de courts monologues mettant en je(u) des \u00e9crivaines du pass\u00e9. Des textes \u00e0 la premi\u00e8re personne du singulier, d\u00e9livr\u00e9s dans le creux de l\u2019oreille via le combin\u00e9 d\u2019un t\u00e9l\u00e9phone que le public est invit\u00e9 \u00e0 d\u00e9crocher. Comme un appel depuis l\u2019au-del\u00e0,\u00a0Virginia Woolf, George Sand, Gris\u00e9lidis R\u00e9al, H\u00e9l\u00e8ne Bessette ou encore Toni Morisson\u00a0retrouvent voix, s\u2019expriment sur leur vie, leurs \u00e9crits et leurs combats \u00e0 travers d\u2019autres mots que les leurs. Aux confins du matrimoine et de la cr\u00e9ation, l\u2019installation invite \u00e0 de multiples d\u00e9couvertes, donnant tout autant envie de lire l\u2019\u0153uvre des autrices de r\u00e9f\u00e9rence que celles qui s\u2019en font les passeuses.","_fr_post_excerpt":"","_fr_post_title":"Julie Gilbert","_fr_post_name":"julie-gilbert-2","edit_language":"en"},"excerpt":{"raw":"","rendered":""},"_links":{"self":[{"href":"https:\/\/selectionsuisse.ch\/en\/wp-json\/wp\/v2\/spectacle\/528","targetHints":{"allow":["GET"]}}],"collection":[{"href":"https:\/\/selectionsuisse.ch\/en\/wp-json\/wp\/v2\/spectacle"}],"about":[{"href":"https:\/\/selectionsuisse.ch\/en\/wp-json\/wp\/v2\/types\/spectacle"}],"wp:attachment":[{"href":"https:\/\/selectionsuisse.ch\/en\/wp-json\/wp\/v2\/media?parent=528"}],"curies":[{"name":"wp","href":"https:\/\/api.w.org\/{rel}","templated":true}]}}