{"id":615,"date":"2024-02-13T09:28:26","date_gmt":"2024-02-13T09:28:26","guid":{"rendered":"https:\/\/selectionsuisse.ch\/?post_type=spectacle&#038;p=615"},"modified":"2025-04-06T22:18:11","modified_gmt":"2025-04-06T22:18:11","slug":"adina-secretan","status":"publish","type":"spectacle","link":"https:\/\/selectionsuisse.ch\/en\/spectacle\/adina-secretan\/","title":{"rendered":"","raw":""},"content":{"rendered":"<p>Has Nestl\u00e9gate\u00a0been resolved? Adina Secretan doesn\u2019t think so, despite the court\u2019s ruling. Who remembers that in the 2000\u2019s, young women who were recruited via a private security agency infiltrated activist groups to spy on them on behalf of the global company? Using theatre to revisit history, Secretan shows us that there are many holes in this case. The more we go beneath the surface, the more opaque things become, particularly when it comes to human relations. A committed multidisciplinary artist and choreographer with a strong focus on politics, Adina Secretan is interested in the traces shadow practices leave on the body, be it individual bodies or the social body. Far from claiming to bring all the answers, she proposes a show which feeds from all these questions, and reveals a complex landscape, fleshed out by two actresses and their subtle performance.<\/p>\n","protected":false,"raw":"Has Nestl\u00e9gate\u00a0been resolved? Adina Secretan doesn\u2019t think so, despite the court\u2019s ruling. Who remembers that in the 2000\u2019s, young women who were recruited via a private security agency infiltrated activist groups to spy on them on behalf of the global company? Using theatre to revisit history, Secretan shows us that there are many holes in this case. The more we go beneath the surface, the more opaque things become, particularly when it comes to human relations. A committed multidisciplinary artist and choreographer with a strong focus on politics, Adina Secretan is interested in the traces shadow practices leave on the body, be it individual bodies or the social body. Far from claiming to bring all the answers, she proposes a show which feeds from all these questions, and reveals a complex landscape, fleshed out by two actresses and their subtle performance."},"parent":0,"template":"","class_list":["post-615","spectacle","type-spectacle","status-publish","hentry"],"meta":{"_fr_post_content":"Une affaire \u00e9lucid\u00e9e, le \"Nestl\u00e9gate\" ? Rien n\u2019est moins s\u00fbr affirme Adina Secretan, m\u00eame si elle a \u00e9t\u00e9 jug\u00e9e. Qui se souvient que, dans les ann\u00e9es 2000, des jeunes femmes recrut\u00e9es via une agence de s\u00e9curit\u00e9 priv\u00e9e ont infiltr\u00e9 des milieux activistes pour le compte de la multinationale ? En revisitant l\u2019histoire avec les moyens du th\u00e9\u00e2tre, la metteuse en sc\u00e8ne nous montre que la justice est loin d\u2019avoir fait toute la lumi\u00e8re. Au contraire, plus on gratte sous la surface des choses, plus le brouillard s\u2019\u00e9paissit, en particulier quand on s\u2019int\u00e9resse \u00e0 la dimension humaine. Artiste multidisciplinaire et chor\u00e9graphe \u00e0 la d\u00e9marche politique, anim\u00e9e par un fort int\u00e9r\u00eat pour les engagements citoyens, Adina Secretan s\u2019int\u00e9resse en particulier \u00e0 ce que ces pratiques de l\u2019ombre laissent comme traces sur les corps, le corps des individus comme le corps social. Loin de pr\u00e9tendre apporter toutes les r\u00e9ponses, la metteuse en sc\u00e8ne propose un spectacle nourri de questions, laissant appara\u00eetre un paysage complexe, port\u00e9 par deux com\u00e9diennes au jeu subtil.","_fr_post_excerpt":"","_fr_post_title":"Adina Secretan","_fr_post_name":"adina-secretan","edit_language":"en"},"excerpt":{"raw":"","rendered":""},"_links":{"self":[{"href":"https:\/\/selectionsuisse.ch\/en\/wp-json\/wp\/v2\/spectacle\/615","targetHints":{"allow":["GET"]}}],"collection":[{"href":"https:\/\/selectionsuisse.ch\/en\/wp-json\/wp\/v2\/spectacle"}],"about":[{"href":"https:\/\/selectionsuisse.ch\/en\/wp-json\/wp\/v2\/types\/spectacle"}],"wp:attachment":[{"href":"https:\/\/selectionsuisse.ch\/en\/wp-json\/wp\/v2\/media?parent=615"}],"curies":[{"name":"wp","href":"https:\/\/api.w.org\/{rel}","templated":true}]}}