{"id":98,"date":"2023-02-18T08:56:48","date_gmt":"2023-02-18T08:56:48","guid":{"rendered":"http:\/\/localhost:8888\/sch\/?post_type=spectacle&#038;p=98"},"modified":"2024-04-02T14:33:30","modified_gmt":"2024-04-02T14:33:30","slug":"","status":"publish","type":"spectacle","link":"https:\/\/selectionsuisse.ch\/en\/spectacle\/olivia-csiky-trnka\/","title":{"rendered":"","raw":""},"content":{"rendered":"","protected":false,"raw":""},"parent":0,"template":"","class_list":["post-98","spectacle","type-spectacle","status-publish","hentry"],"meta":{"_fr_post_content":"Passer commande \u00e0 sept autrices d\u2019un texte sur un m\u00eame sujet. Les inviter ensuite \u00e0 partager ces in\u00e9dits, dans une proposition sc\u00e9nique \u00e0 mi-chemin entre la lecture et le spectacle. Tel est le principe des Intr\u00e9pides, imagin\u00e9es par la SACD \u2013 Soci\u00e9t\u00e9 des Auteurs et Compositeurs Dramatiques. C\u2019est au tour d\u2019Olivia Csiky Trnka de porter haut les couleurs helv\u00e9tiques dans cette aventure orchestr\u00e9e, cette ann\u00e9e, par la metteuse en sc\u00e8ne Leyla-Claire Rabih.\r\n\r\nLe sujet semblait pr\u00e9destin\u00e9 pour cette autrice, metteuse en sc\u00e8ne et actrice dont le premier solo, Protocole V.A.L.E.N.T.I.N.A., nous entra\u00eenait sur les pas de la premi\u00e8re cosmonaute. Mais qu\u2019elle nous projette dans l\u2019espace, dans le jardin perdu de sa m\u00e9moire ou sur le doublage d\u2019un film d\u2019horreur, Olivia Csiky Trnka nous surprend \u00e0 chaque fois. Avec Photo de vacance\/s, loin de sa d\u00e9licieuse extravagance, elle signe un texte intime et politique. Une balade que l\u2019on pourrait croire d\u00e9senchant\u00e9e mais qui sonne pourtant comme un encouragement \u00e0 penser nos futurs possibles. Les pires comme les meilleurs.","_fr_post_excerpt":"","_fr_post_title":"Olivia Csiky Trnka","_fr_post_name":"olivia-csiky-trnka","edit_language":"en"},"excerpt":{"raw":"","rendered":""},"_links":{"self":[{"href":"https:\/\/selectionsuisse.ch\/en\/wp-json\/wp\/v2\/spectacle\/98","targetHints":{"allow":["GET"]}}],"collection":[{"href":"https:\/\/selectionsuisse.ch\/en\/wp-json\/wp\/v2\/spectacle"}],"about":[{"href":"https:\/\/selectionsuisse.ch\/en\/wp-json\/wp\/v2\/types\/spectacle"}],"wp:attachment":[{"href":"https:\/\/selectionsuisse.ch\/en\/wp-json\/wp\/v2\/media?parent=98"}],"curies":[{"name":"wp","href":"https:\/\/api.w.org\/{rel}","templated":true}]}}